{"id":3404,"date":"2022-09-19T10:15:41","date_gmt":"2022-09-19T08:15:41","guid":{"rendered":"https:\/\/evls.cz\/evls-tym\/"},"modified":"2026-07-30T15:16:01","modified_gmt":"2026-07-30T13:16:01","slug":"evls-tym","status":"publish","type":"page","link":"https:\/\/evls.cz\/cs\/evls-tym\/","title":{"rendered":"EVLS T\u00ddM"},"content":{"rendered":"\t\t<div data-elementor-type=\"wp-page\" data-elementor-id=\"3404\" class=\"elementor elementor-3404 elementor-1353\" data-elementor-post-type=\"page\">\n\t\t\t\t\t\t<section class=\"elementor-section elementor-top-section elementor-element elementor-element-cd831b5 elementor-section-boxed elementor-section-height-default elementor-section-height-default\" data-id=\"cd831b5\" data-element_type=\"section\" data-e-type=\"section\">\n\t\t\t\t\t\t<div class=\"elementor-container elementor-column-gap-default\">\n\t\t\t\t\t<div class=\"elementor-column elementor-col-100 elementor-top-column elementor-element elementor-element-eeb8303\" data-id=\"eeb8303\" data-element_type=\"column\" data-e-type=\"column\">\n\t\t\t<div class=\"elementor-widget-wrap elementor-element-populated\">\n\t\t\t\t\t\t<div class=\"elementor-element elementor-element-ea2c65a elementor-widget elementor-widget-html\" data-id=\"ea2c65a\" data-element_type=\"widget\" data-e-type=\"widget\" data-widget_type=\"html.default\">\n\t\t\t\t<div class=\"elementor-widget-container\">\n\t\t\t\t\t<section class=\"evls-team-page\">\r\n  <section class=\"evls-team-hero\">\r\n    <div class=\"evls-team-wrap\">\r\n      <div class=\"evls-team-hero-content\">\r\n        <span class=\"evls-team-eyebrow\">EVLS Prague<\/span>\r\n        <h1>EVLS<br><strong>Team<\/strong><\/h1>\r\n        <p>Poznejte osobnosti, kter\u00e9 pom\u00e1haj\u00ed budovat siln\u00e9 jm\u00e9no EVLS Prague.<\/p>\r\n      <\/div>\r\n    <\/div>\r\n  <\/section>\r\n\r\n  <section class=\"evls-team-section\">\r\n    <div class=\"evls-team-wrap\">\r\n      <div class=\"evls-team-heading\">\r\n        <span class=\"evls-team-eyebrow\">Z\u00e1vodn\u00edci & osobnosti<\/span>\r\n        <h2>Poznejte t\u00fdm EVLS<\/h2>\r\n        <p>V\u00fdb\u011br v\u00fdjime\u010dn\u00fdch sportovc\u016f a osobnost\u00ed spojen\u00fdch s EVLS Prague a jeho dlouholet\u00fdm p\u0159\u00edb\u011bhem.\r\n<\/p>\r\n      <\/div>\r\n\r\n      <div class=\"evls-team-grid\">\r\n        <article class=\"evls-team-card\">\r\n          <div class=\"evls-team-image\"><img decoding=\"async\" src=\"https:\/\/evls.cz\/wp-content\/uploads\/2026\/05\/7878f8b4-7e0b-4e95-8dfd-650e6b3dcb22.jpg\" alt=\"Michal Kri\u017eo Kri\u017e\u00e1nek\" loading=\"lazy\"><\/div>\r\n          <div class=\"evls-team-copy\"><span class=\"evls-team-index\">01<\/span><h3>Michal Kri\u017eo Kri\u017e\u00e1nek<\/h3><ul><li>P\u011btin\u00e1sobn\u00fd v\u00edt\u011bz Arnold Classic \u2013 IFBB Elite Pro<\/li><li>2022 \u2013 EVLS Prague Pro \u2013 1. m\u00edsto<\/li><li>2023 \u2013 Empro Spain \u2013 1. m\u00edsto<\/li><li>2023 \u2013 Mr. Olympia \u2013 7. m\u00edsto<\/li><li>2025 \u2013 Pittsburgh Pro \u2013 5. m\u00edsto<\/li><li>2025 \u2013 New York Pro \u2013 3. m\u00edsto<\/li><\/ul><\/div>\r\n        <\/article>\r\n\r\n        <article class=\"evls-team-card evls-team-card-reverse\">\r\n          <div class=\"evls-team-image\"><img decoding=\"async\" src=\"https:\/\/evls.cz\/wp-content\/uploads\/2024\/01\/3-scaled.jpg\" alt=\"Miroslav Jur\u00ed\u010dek\" loading=\"lazy\"><\/div>\r\n          <div class=\"evls-team-copy\"><span class=\"evls-team-index\">02<\/span><h3>Miroslav Jur\u00ed\u010dek<\/h3><ul><li>2018 \u2013 EVLS Prague Pro \u2013 2. m\u00edsto<\/li><li>2019 \u2013 Japan Pro \u2013 4. m\u00edsto<\/li><li>2021 \u2013 Poland Pro \u2013 3. m\u00edsto<\/li><li>2022 \u2013 EVLS Prague Pro \u2013 4. m\u00edsto<\/li><li>2023 \u2013 Romania Muscle Fest Pro \u2013 1. m\u00edsto<\/li><li>2023 \u2013 EVLS Prague Pro \u2013 1. m\u00edsto<\/li><li>2024 \u2013 Dubai Pro \u2013 2. m\u00edsto \u2013 Men\u2019s Physique<\/li><li>2024 \u2013 EVLS Prague Pro \u2013 2. m\u00edsto \u2013 Men\u2019s Physique<\/li><li>2025 \u2013 Dubai Pro \u2013 1. m\u00edsto \u2013 Men\u2019s Physique<\/li><li>2025 \u2013 Italy Flex Pro \u2013 1. m\u00edsto \u2013 Men\u2019s Physique<\/li><\/ul><\/div>\r\n        <\/article>\r\n\r\n        <article class=\"evls-team-card\">\r\n          <div class=\"evls-team-image\"><img decoding=\"async\" src=\"https:\/\/evls.cz\/wp-content\/uploads\/2022\/09\/DSC_1313-by-Josef-Adlt-1.jpg\" alt=\"Luk\u00e1\u0161 Osladil\" loading=\"lazy\"><\/div>\r\n          <div class=\"evls-team-copy\"><span class=\"evls-team-index\">03<\/span><h3>Luk\u00e1\u0161 Osladil<\/h3><ul><li>2012 \u2013 Mr. Olympia \u2013 kvalifikace \u2013 Men\u2019s 212<\/li><li>2012 \u2013 Toronto Pro Supershow \u2013 1. m\u00edsto \u2013 Men\u2019s 212<\/li><li>2015 \u2013 Europa Phoenix Pro \u2013 1. m\u00edsto<\/li><li>2017 \u2013 Arnold Classic South America \u2013 1. m\u00edsto<\/li><li>2018 \u2013 Vanpro Show Vancouver \u2013 1. m\u00edsto<\/li><li>2016\u20132020 \u2013 Mr. Olympia \u2013 5 po sob\u011b jdouc\u00edch kvalifikac\u00ed<\/li><\/ul><\/div>\r\n        <\/article>\r\n\r\n        <article class=\"evls-team-card evls-team-card-reverse\">\r\n          <div class=\"evls-team-image\"><img decoding=\"async\" src=\"https:\/\/evls.cz\/wp-content\/uploads\/2022\/09\/SYT_9616-2-1-scaled.jpg\" alt=\"Pavel Beran\" loading=\"lazy\"><\/div>\r\n          <div class=\"evls-team-copy\"><span class=\"evls-team-index\">04<\/span><h3>Pavel Beran<\/h3><ul><li>2018 \u2013 EVLS Prague Pro \u2013 4. m\u00edsto<\/li><\/ul><\/div>\r\n        <\/article>\r\n\r\n        <article class=\"evls-team-card\">\r\n          <div class=\"evls-team-image\"><img decoding=\"async\" src=\"https:\/\/evls.cz\/wp-content\/uploads\/2022\/09\/SYT_9732-2-1-scaled.jpg\" alt=\"Jan Turek\" loading=\"lazy\"><\/div>\r\n          <div class=\"evls-team-copy\"><span class=\"evls-team-index\">05<\/span><h3>Jan Turek<\/h3><ul><li>2020 \u2013 Europa Pro \u2013 8. m\u00edsto<\/li><li>2021 \u2013 EVLS Prague Pro \u2013 6. m\u00edsto<\/li><li>2022 \u2013 EVLS Prague Pro \u2013 2. m\u00edsto<\/li><li>2022 \u2013 Romania Pro \u2013 4. m\u00edsto<\/li><li>2025 \u2013 EVLS Prague Pro \u2013 6. m\u00edsto<\/li><li>2025 \u2013 Romania Pro \u2013 4. m\u00edsto<\/li><li>2025 \u2013 Japan Pro \u2013 4. m\u00edsto<\/li><\/ul><\/div>\r\n        <\/article>\r\n\r\n        <article class=\"evls-team-card evls-team-card-reverse\">\r\n          <div class=\"evls-team-image\"><img decoding=\"async\" src=\"https:\/\/evls.cz\/wp-content\/uploads\/2025\/09\/IMG_9901-scaled-scaled.webp\" alt=\"Natalie Mysl\u00edkov\u00e1\" loading=\"lazy\"><\/div>\r\n          <div class=\"evls-team-copy\"><span class=\"evls-team-index\">06<\/span><h3>Natalie Mysl\u00edkov\u00e1<\/h3><ul><li>2024 \u2013 Fitparade Hungary \u2013 1. m\u00edsto<\/li><li>2024 \u2013 Romania Muscle Fest \u2013 1. m\u00edsto + Pro Card<\/li><li>2024 \u2013 Romania Muscle Fest Pro \u2013 3. m\u00edsto \u2013 Bikini Pro<\/li><li>2024 \u2013 EVLS Prague Pro \u2013 3. m\u00edsto \u2013 Bikini Pro<\/li><\/ul><\/div>\r\n        <\/article>\r\n\r\n        <article class=\"evls-team-card\">\r\n          <div class=\"evls-team-image\"><img decoding=\"async\" src=\"https:\/\/evls.cz\/wp-content\/uploads\/2026\/05\/THE-CZECH-JUGGERNAUT-@jarda_jenicek_ifbbpro-____-Every-show\u2026hes-sharper.-Every-pose\u2026more-c.jpg\" alt=\"Jaroslav Jen\u00ed\u010dek\" loading=\"lazy\"><\/div>\r\n          <div class=\"evls-team-copy\"><span class=\"evls-team-index\">07<\/span><h3>Jaroslav Jen\u00ed\u010dek<\/h3><ul><li>2020 \u2013 IFBB Diamond Cup Prague Junior \u2013 1. m\u00edsto<\/li><li>2021 \u2013 IFBB Diamond Cup Prague Junior \u2013 1. m\u00edsto<\/li><li>2021 \u2013 Arnold Classic Europe \u2013 3. m\u00edsto<\/li><li>2022 \u2013 EVLS Prague \u2013 2. m\u00edsto<\/li><li>2023 \u2013 EVLS Prague \u2013 2. m\u00edsto<\/li><li>2023 \u2013 Fitparade Hungary \u2013 2. m\u00edsto<\/li><li>2024 \u2013 EVLS Prague \u2013 1. m\u00edsto + Pro Card<\/li><li>2025 \u2013 British Pro Grand Prix \u2013 8. m\u00edsto<\/li><\/ul><\/div>\r\n        <\/article>\r\n      <\/div>\r\n    <\/div>\r\n  <\/section>\r\n<\/section>\r\n\r\n<style>\r\n.evls-team-page{--evls-red:#d71920;--evls-black:#080808;--evls-white:#fff;--evls-border:#dedede;--evls-max:1280px;width:100vw;max-width:none;margin-left:calc(50% - 50vw);margin-right:calc(50% - 50vw);overflow:hidden;background:var(--evls-black);color:var(--evls-white);font-family:Arial,Helvetica,sans-serif}.evls-team-page*,.evls-team-page *::before,.evls-team-page *::after{box-sizing:border-box}.evls-team-page img{display:block;width:100%}.evls-team-wrap{width:min(calc(100% - 40px),var(--evls-max));margin:0 auto}.evls-team-eyebrow{display:inline-flex;align-items:center;gap:10px;margin-bottom:18px;color:var(--evls-red);font-size:13px;font-weight:900;letter-spacing:.18em;text-transform:uppercase}.evls-team-eyebrow::before{content:\"\";width:36px;height:2px;background:currentColor}\r\n.evls-team-hero{min-height:680px;display:flex;align-items:flex-end;padding:110px 0 90px;background:linear-gradient(90deg,rgba(0,0,0,.97) 0%,rgba(0,0,0,.78) 43%,rgba(0,0,0,.30) 76%,rgba(0,0,0,.58) 100%),linear-gradient(0deg,#080808 0%,transparent 48%),url(\"https:\/\/evls.cz\/wp-content\/uploads\/2023\/12\/IMG_4156-scaled.jpg\") center 35%\/cover no-repeat}.evls-team-hero-content{max-width:900px}.evls-team-hero h1{margin:0 0 28px;color:#fff;font-size:clamp(4rem,9vw,9rem);line-height:.8;letter-spacing:-.07em;text-transform:uppercase}.evls-team-hero h1 strong{display:block;color:var(--evls-red)}.evls-team-hero p{max-width:680px;margin:0;color:#d0d0d0;font-size:clamp(1.05rem,1.8vw,1.25rem);line-height:1.65}\r\n.evls-team-section{padding:105px 0 115px;background:#fff;color:#111}.evls-team-heading{max-width:860px;margin-bottom:58px}.evls-team-heading h2{margin:0 0 24px;color:#111;font-size:clamp(2.4rem,4.8vw,4.9rem);line-height:.95;letter-spacing:-.05em;text-transform:uppercase}.evls-team-heading p{margin:0;max-width:760px;color:#555;font-size:17px;line-height:1.7}\r\n.evls-team-grid{border-top:1px solid var(--evls-border)}.evls-team-card{display:grid;grid-template-columns:.95fr 1.05fr;min-height:580px;border-left:1px solid var(--evls-border);border-right:1px solid var(--evls-border);border-bottom:1px solid var(--evls-border);background:#fff}.evls-team-card-reverse .evls-team-image{order:2}.evls-team-card-reverse .evls-team-copy{order:1}.evls-team-image{min-height:580px;overflow:hidden;background:#050505}.evls-team-image img{width:100%;height:100%;min-height:580px;object-fit:contain;object-position:center}.evls-team-copy{padding:54px 48px;display:flex;flex-direction:column;justify-content:center}.evls-team-index{display:block;margin-bottom:46px;color:var(--evls-red);font-size:12px;font-weight:900;letter-spacing:.18em}.evls-team-copy h3{margin:0 0 28px;color:#111;font-size:clamp(2rem,3.2vw,3.5rem);line-height:.95;letter-spacing:-.045em;text-transform:uppercase;overflow-wrap:anywhere}.evls-team-copy h3::after{content:\"\";display:block;width:58px;height:4px;margin-top:22px;background:var(--evls-red)}.evls-team-copy ul{margin:0;padding:0;list-style:none}.evls-team-copy li{position:relative;padding:11px 0 11px 24px;border-top:1px solid #e5e5e5;color:#555;font-size:15px;line-height:1.5}.evls-team-copy li::before{content:\"\u2192\";position:absolute;left:0;color:var(--evls-red);font-weight:900}\r\n@media(max-width:980px){.evls-team-card{grid-template-columns:1fr}.evls-team-card-reverse .evls-team-image,.evls-team-card-reverse .evls-team-copy{order:initial}.evls-team-image,.evls-team-image img{min-height:520px;height:520px}}\r\n@media(max-width:780px){.evls-team-wrap{width:min(calc(100% - 28px),var(--evls-max))}.evls-team-hero{min-height:620px;padding:90px 0 70px;background-position:58% center}.evls-team-hero-content{width:100%;max-width:100%}.evls-team-hero h1{width:100%;max-width:100%;font-size:clamp(3.4rem,16vw,5.6rem);line-height:.84;letter-spacing:-.055em}.evls-team-section{padding:75px 0 80px}.evls-team-heading{margin-bottom:42px}.evls-team-heading h2{font-size:clamp(2.4rem,12vw,4.2rem);line-height:.95}.evls-team-heading p{font-size:15px}.evls-team-card{min-height:0}.evls-team-image{min-height:0;aspect-ratio:4\/5}.evls-team-image img{min-height:0;height:100%;object-fit:contain}.evls-team-copy{padding:30px 22px 34px}.evls-team-index{margin-bottom:22px;font-size:11px}.evls-team-copy h3{margin-bottom:24px;font-size:clamp(1.8rem,9vw,2.8rem);line-height:.98}.evls-team-copy h3::after{margin-top:18px}.evls-team-copy li{padding:10px 0 10px 20px;font-size:13px;line-height:1.5}}\r\n.evls-team-page h1,.evls-team-page h2,.evls-team-page h3,.evls-team-page p,.evls-team-page span,.evls-team-page strong,.evls-team-page li{font-family:Arial,Helvetica,sans-serif}\r\n<\/style>\t\t\t\t<\/div>\n\t\t\t\t<\/div>\n\t\t\t\t\t<\/div>\n\t\t<\/div>\n\t\t\t\t\t<\/div>\n\t\t<\/section>\n\t\t\t\t<\/div>\n\t\t","protected":false},"excerpt":{"rendered":"<p>EVLS Prague EVLSTeam Poznejte osobnosti, kter\u00e9 pom\u00e1haj\u00ed budovat siln\u00e9 jm\u00e9no EVLS Prague. Z\u00e1vodn\u00edci &#038; osobnosti Poznejte t\u00fdm EVLS V\u00fdb\u011br v\u00fdjime\u010dn\u00fdch sportovc\u016f a osobnost\u00ed spojen\u00fdch s EVLS Prague a jeho dlouholet\u00fdm p\u0159\u00edb\u011bhem. 01 Michal Kri\u017eo Kri\u017e\u00e1nek P\u011btin\u00e1sobn\u00fd v\u00edt\u011bz Arnold Classic \u2013 IFBB Elite Pro 2022 \u2013 EVLS Prague Pro \u2013 1. m\u00edsto 2023 \u2013 Empro SpainRead more<\/p>\n","protected":false},"author":1,"featured_media":0,"parent":0,"menu_order":0,"comment_status":"closed","ping_status":"closed","template":"page-blank.php","meta":{"_monsterinsights_skip_tracking":false,"_monsterinsights_sitenote_active":false,"_monsterinsights_sitenote_note":"","_monsterinsights_sitenote_category":0,"footnotes":""},"class_list":["post-3404","page","type-page","status-publish","hentry"],"yoast_head":"<!-- This site is optimized with the Yoast SEO plugin v27.8 - https:\/\/yoast.com\/product\/yoast-seo-wordpress\/ -->\n<title>EVLS T\u00ddM - EVLS PRAGUE<\/title>\n<meta name=\"robots\" content=\"index, follow, max-snippet:-1, max-image-preview:large, max-video-preview:-1\" \/>\n<link rel=\"canonical\" href=\"https:\/\/evls.cz\/evls-team\/\" \/>\n<meta property=\"og:locale\" content=\"cs_CZ\" \/>\n<meta property=\"og:type\" content=\"article\" \/>\n<meta property=\"og:title\" content=\"EVLS T\u00ddM - EVLS PRAGUE\" \/>\n<meta property=\"og:description\" content=\"EVLS Prague EVLSTeam Poznejte osobnosti, kter\u00e9 pom\u00e1haj\u00ed budovat siln\u00e9 jm\u00e9no EVLS Prague. Z\u00e1vodn\u00edci &#038; osobnosti Poznejte t\u00fdm EVLS V\u00fdb\u011br v\u00fdjime\u010dn\u00fdch sportovc\u016f a osobnost\u00ed spojen\u00fdch s EVLS Prague a jeho dlouholet\u00fdm p\u0159\u00edb\u011bhem. 01 Michal Kri\u017eo Kri\u017e\u00e1nek P\u011btin\u00e1sobn\u00fd v\u00edt\u011bz Arnold Classic \u2013 IFBB Elite Pro 2022 \u2013 EVLS Prague Pro \u2013 1. m\u00edsto 2023 \u2013 Empro SpainRead more\" \/>\n<meta property=\"og:url\" content=\"https:\/\/evls.cz\/evls-team\/\" \/>\n<meta property=\"og:site_name\" content=\"EVLS PRAGUE\" \/>\n<meta property=\"article:modified_time\" content=\"2026-07-30T13:16:01+00:00\" \/>\n<meta property=\"og:image\" content=\"https:\/\/evls.cz\/wp-content\/uploads\/2026\/05\/7878f8b4-7e0b-4e95-8dfd-650e6b3dcb22.jpg\" \/>\n<meta name=\"twitter:card\" content=\"summary_large_image\" \/>\n<meta name=\"twitter:label1\" content=\"Odhadovan\u00e1 doba \u010dten\u00ed\" \/>\n\t<meta name=\"twitter:data1\" content=\"4 minuty\" \/>\n<script type=\"application\/ld+json\" class=\"yoast-schema-graph\">{\"@context\":\"https:\\\/\\\/schema.org\",\"@graph\":[{\"@type\":\"WebPage\",\"@id\":\"https:\\\/\\\/evls.cz\\\/evls-team\\\/\",\"url\":\"https:\\\/\\\/evls.cz\\\/evls-team\\\/\",\"name\":\"EVLS T\u00ddM - EVLS PRAGUE\",\"isPartOf\":{\"@id\":\"https:\\\/\\\/evls.cz\\\/cs\\\/#website\"},\"primaryImageOfPage\":{\"@id\":\"https:\\\/\\\/evls.cz\\\/evls-team\\\/#primaryimage\"},\"image\":{\"@id\":\"https:\\\/\\\/evls.cz\\\/evls-team\\\/#primaryimage\"},\"thumbnailUrl\":\"https:\\\/\\\/evls.cz\\\/wp-content\\\/uploads\\\/2026\\\/05\\\/7878f8b4-7e0b-4e95-8dfd-650e6b3dcb22.jpg\",\"datePublished\":\"2022-09-19T08:15:41+00:00\",\"dateModified\":\"2026-07-30T13:16:01+00:00\",\"breadcrumb\":{\"@id\":\"https:\\\/\\\/evls.cz\\\/evls-team\\\/#breadcrumb\"},\"inLanguage\":\"cs\",\"potentialAction\":[{\"@type\":\"ReadAction\",\"target\":[\"https:\\\/\\\/evls.cz\\\/evls-team\\\/\"]}]},{\"@type\":\"ImageObject\",\"inLanguage\":\"cs\",\"@id\":\"https:\\\/\\\/evls.cz\\\/evls-team\\\/#primaryimage\",\"url\":\"https:\\\/\\\/evls.cz\\\/wp-content\\\/uploads\\\/2026\\\/05\\\/7878f8b4-7e0b-4e95-8dfd-650e6b3dcb22.jpg\",\"contentUrl\":\"https:\\\/\\\/evls.cz\\\/wp-content\\\/uploads\\\/2026\\\/05\\\/7878f8b4-7e0b-4e95-8dfd-650e6b3dcb22.jpg\"},{\"@type\":\"BreadcrumbList\",\"@id\":\"https:\\\/\\\/evls.cz\\\/evls-team\\\/#breadcrumb\",\"itemListElement\":[{\"@type\":\"ListItem\",\"position\":1,\"name\":\"Home\",\"item\":\"https:\\\/\\\/evls.cz\\\/\"},{\"@type\":\"ListItem\",\"position\":2,\"name\":\"EVLS T\u00ddM\"}]},{\"@type\":\"WebSite\",\"@id\":\"https:\\\/\\\/evls.cz\\\/cs\\\/#website\",\"url\":\"https:\\\/\\\/evls.cz\\\/cs\\\/\",\"name\":\"EVLS PRAGUE\",\"description\":\"PROFESSIONAL BODYBUILDING\",\"potentialAction\":[{\"@type\":\"SearchAction\",\"target\":{\"@type\":\"EntryPoint\",\"urlTemplate\":\"https:\\\/\\\/evls.cz\\\/cs\\\/?s={search_term_string}\"},\"query-input\":{\"@type\":\"PropertyValueSpecification\",\"valueRequired\":true,\"valueName\":\"search_term_string\"}}],\"inLanguage\":\"cs\"}]}<\/script>\n<!-- \/ Yoast SEO plugin. -->","yoast_head_json":{"title":"EVLS T\u00ddM - EVLS PRAGUE","robots":{"index":"index","follow":"follow","max-snippet":"max-snippet:-1","max-image-preview":"max-image-preview:large","max-video-preview":"max-video-preview:-1"},"canonical":"https:\/\/evls.cz\/evls-team\/","og_locale":"cs_CZ","og_type":"article","og_title":"EVLS T\u00ddM - EVLS PRAGUE","og_description":"EVLS Prague EVLSTeam Poznejte osobnosti, kter\u00e9 pom\u00e1haj\u00ed budovat siln\u00e9 jm\u00e9no EVLS Prague. Z\u00e1vodn\u00edci &#038; osobnosti Poznejte t\u00fdm EVLS V\u00fdb\u011br v\u00fdjime\u010dn\u00fdch sportovc\u016f a osobnost\u00ed spojen\u00fdch s EVLS Prague a jeho dlouholet\u00fdm p\u0159\u00edb\u011bhem. 01 Michal Kri\u017eo Kri\u017e\u00e1nek P\u011btin\u00e1sobn\u00fd v\u00edt\u011bz Arnold Classic \u2013 IFBB Elite Pro 2022 \u2013 EVLS Prague Pro \u2013 1. m\u00edsto 2023 \u2013 Empro SpainRead more","og_url":"https:\/\/evls.cz\/evls-team\/","og_site_name":"EVLS PRAGUE","article_modified_time":"2026-07-30T13:16:01+00:00","og_image":[{"url":"https:\/\/evls.cz\/wp-content\/uploads\/2026\/05\/7878f8b4-7e0b-4e95-8dfd-650e6b3dcb22.jpg","type":"","width":"","height":""}],"twitter_card":"summary_large_image","twitter_misc":{"Odhadovan\u00e1 doba \u010dten\u00ed":"4 minuty"},"schema":{"@context":"https:\/\/schema.org","@graph":[{"@type":"WebPage","@id":"https:\/\/evls.cz\/evls-team\/","url":"https:\/\/evls.cz\/evls-team\/","name":"EVLS T\u00ddM - EVLS PRAGUE","isPartOf":{"@id":"https:\/\/evls.cz\/cs\/#website"},"primaryImageOfPage":{"@id":"https:\/\/evls.cz\/evls-team\/#primaryimage"},"image":{"@id":"https:\/\/evls.cz\/evls-team\/#primaryimage"},"thumbnailUrl":"https:\/\/evls.cz\/wp-content\/uploads\/2026\/05\/7878f8b4-7e0b-4e95-8dfd-650e6b3dcb22.jpg","datePublished":"2022-09-19T08:15:41+00:00","dateModified":"2026-07-30T13:16:01+00:00","breadcrumb":{"@id":"https:\/\/evls.cz\/evls-team\/#breadcrumb"},"inLanguage":"cs","potentialAction":[{"@type":"ReadAction","target":["https:\/\/evls.cz\/evls-team\/"]}]},{"@type":"ImageObject","inLanguage":"cs","@id":"https:\/\/evls.cz\/evls-team\/#primaryimage","url":"https:\/\/evls.cz\/wp-content\/uploads\/2026\/05\/7878f8b4-7e0b-4e95-8dfd-650e6b3dcb22.jpg","contentUrl":"https:\/\/evls.cz\/wp-content\/uploads\/2026\/05\/7878f8b4-7e0b-4e95-8dfd-650e6b3dcb22.jpg"},{"@type":"BreadcrumbList","@id":"https:\/\/evls.cz\/evls-team\/#breadcrumb","itemListElement":[{"@type":"ListItem","position":1,"name":"Home","item":"https:\/\/evls.cz\/"},{"@type":"ListItem","position":2,"name":"EVLS T\u00ddM"}]},{"@type":"WebSite","@id":"https:\/\/evls.cz\/cs\/#website","url":"https:\/\/evls.cz\/cs\/","name":"EVLS PRAGUE","description":"PROFESSIONAL BODYBUILDING","potentialAction":[{"@type":"SearchAction","target":{"@type":"EntryPoint","urlTemplate":"https:\/\/evls.cz\/cs\/?s={search_term_string}"},"query-input":{"@type":"PropertyValueSpecification","valueRequired":true,"valueName":"search_term_string"}}],"inLanguage":"cs"}]}},"_links":{"self":[{"href":"https:\/\/evls.cz\/cs\/wp-json\/wp\/v2\/pages\/3404","targetHints":{"allow":["GET"]}}],"collection":[{"href":"https:\/\/evls.cz\/cs\/wp-json\/wp\/v2\/pages"}],"about":[{"href":"https:\/\/evls.cz\/cs\/wp-json\/wp\/v2\/types\/page"}],"author":[{"embeddable":true,"href":"https:\/\/evls.cz\/cs\/wp-json\/wp\/v2\/users\/1"}],"replies":[{"embeddable":true,"href":"https:\/\/evls.cz\/cs\/wp-json\/wp\/v2\/comments?post=3404"}],"version-history":[{"count":6,"href":"https:\/\/evls.cz\/cs\/wp-json\/wp\/v2\/pages\/3404\/revisions"}],"predecessor-version":[{"id":3953,"href":"https:\/\/evls.cz\/cs\/wp-json\/wp\/v2\/pages\/3404\/revisions\/3953"}],"wp:attachment":[{"href":"https:\/\/evls.cz\/cs\/wp-json\/wp\/v2\/media?parent=3404"}],"curies":[{"name":"wp","href":"https:\/\/api.w.org\/{rel}","templated":true}]}}